{"id":3683,"date":"2021-02-25T14:10:22","date_gmt":"2021-02-25T14:10:22","guid":{"rendered":"https:\/\/www.campingtorrependente.it\/?page_id=3683"},"modified":"2026-02-06T16:18:36","modified_gmt":"2026-02-06T16:18:36","slug":"vor-der-ankunft","status":"publish","type":"page","link":"https:\/\/www.campingtorrependente.it\/de\/vor-der-ankunft","title":{"rendered":"Vor der Ankunft"},"content":{"rendered":"\t\t<div data-elementor-type=\"wp-page\" data-elementor-id=\"3683\" class=\"elementor elementor-3683 elementor-2120\" data-elementor-post-type=\"page\">\n\t\t\t\t\t\t<section class=\"elementor-section elementor-top-section elementor-element elementor-element-2b2f35a elementor-hidden-tablet elementor-section-boxed elementor-section-height-default elementor-section-height-default\" data-id=\"2b2f35a\" data-element_type=\"section\" data-settings=\"{&quot;background_background&quot;:&quot;classic&quot;}\">\n\t\t\t\t\t\t\t<div class=\"elementor-background-overlay\"><\/div>\n\t\t\t\t\t\t\t<div class=\"elementor-container elementor-column-gap-default\">\n\t\t\t\t\t<div class=\"elementor-column elementor-col-100 elementor-top-column elementor-element elementor-element-30af99f\" data-id=\"30af99f\" data-element_type=\"column\">\n\t\t\t<div class=\"elementor-widget-wrap elementor-element-populated\">\n\t\t\t\t\t\t<div class=\"elementor-element elementor-element-841c853 elementor-hidden-phone elementor-widget elementor-widget-heading\" data-id=\"841c853\" data-element_type=\"widget\" data-widget_type=\"heading.default\">\n\t\t\t\t<div class=\"elementor-widget-container\">\n\t\t\t\t\t<h2 class=\"elementor-heading-title elementor-size-xxl\"><b>VOR DER ANKUNFT<\/b><\/h2>\t\t\t\t<\/div>\n\t\t\t\t<\/div>\n\t\t\t\t\t<\/div>\n\t\t<\/div>\n\t\t\t\t\t<\/div>\n\t\t<\/section>\n\t\t\t\t<section class=\"elementor-section elementor-top-section elementor-element elementor-element-b145574 elementor-section-boxed elementor-section-height-default elementor-section-height-default\" data-id=\"b145574\" data-element_type=\"section\" data-settings=\"{&quot;background_background&quot;:&quot;classic&quot;}\">\n\t\t\t\t\t\t\t<div class=\"elementor-background-overlay\"><\/div>\n\t\t\t\t\t\t\t<div class=\"elementor-container elementor-column-gap-default\">\n\t\t\t\t\t<div class=\"elementor-column elementor-col-100 elementor-top-column elementor-element elementor-element-c7fcb8b\" data-id=\"c7fcb8b\" data-element_type=\"column\">\n\t\t\t<div class=\"elementor-widget-wrap elementor-element-populated\">\n\t\t\t\t\t\t<div class=\"elementor-element elementor-element-ada73f2 elementor-view-default elementor-position-top elementor-widget elementor-widget-themo-header\" data-id=\"ada73f2\" data-element_type=\"widget\" data-widget_type=\"themo-header.default\">\n\t\t\t\t<div class=\"elementor-widget-container\">\n\t\t\t\t\t\t\t<div class=\"th-header-wrap\">\n        <div class=\"elementor-icon-box-wrapper \">\n                            <div class=\"elementor-icon-box-content\">\n                    <h2 class=\"elementor-icon-box-title\">\n                        WICHTIGE INFORMATIONEN                    <\/h2>\n                                            <span class=\"th-header-divider\"><\/span>\n                                        <p class=\"elementor-icon-box-description\"><\/p>\n\n                                    <\/div>\n            <\/div>\n\n        <\/div>\n\n\t\t\t\t\t\t<\/div>\n\t\t\t\t<\/div>\n\t\t\t\t\t<\/div>\n\t\t<\/div>\n\t\t\t\t\t<\/div>\n\t\t<\/section>\n\t\t\t\t<section class=\"elementor-section elementor-top-section elementor-element elementor-element-b7f8191 elementor-section-boxed elementor-section-height-default elementor-section-height-default\" data-id=\"b7f8191\" data-element_type=\"section\" data-settings=\"{&quot;background_background&quot;:&quot;classic&quot;}\">\n\t\t\t\t\t\t<div class=\"elementor-container elementor-column-gap-default\">\n\t\t\t\t\t<div class=\"elementor-column elementor-col-100 elementor-top-column elementor-element elementor-element-1aa5b60\" data-id=\"1aa5b60\" data-element_type=\"column\">\n\t\t\t<div class=\"elementor-widget-wrap elementor-element-populated\">\n\t\t\t\t\t\t<div class=\"elementor-element elementor-element-e8bd7a8 animated-slow elementor-view-default elementor-position-top elementor-invisible elementor-widget elementor-widget-themo-header\" data-id=\"e8bd7a8\" data-element_type=\"widget\" data-settings=\"{&quot;_animation&quot;:&quot;fadeInDown&quot;,&quot;_animation_delay&quot;:100}\" data-widget_type=\"themo-header.default\">\n\t\t\t\t<div class=\"elementor-widget-container\">\n\t\t\t\t\t\t\t<div class=\"th-header-wrap\">\n        <div class=\"elementor-icon-box-wrapper th-show-icon\">\n                            <div class=\"elementor-icon-box-icon th-icon-size-lg\">\n                    <span class=\"elementor-icon \">\n                        <i aria-hidden=\"true\" class=\"th-trip travelpack th-trip travelpack-reception-bell\"><\/i>                    <\/span>\n                <\/div>\n                                <div class=\"elementor-icon-box-content\">\n                    <h2 class=\"elementor-icon-box-title\">\n                        REZEPTION                    <\/h2>\n                                            <span class=\"th-header-divider\"><\/span>\n                                        <p class=\"elementor-icon-box-description\"><\/p>\n\n                                    <\/div>\n            <\/div>\n\n        <\/div>\n\n\t\t\t\t\t\t<\/div>\n\t\t\t\t<\/div>\n\t\t\t\t\t<\/div>\n\t\t<\/div>\n\t\t\t\t\t<\/div>\n\t\t<\/section>\n\t\t\t\t<section class=\"elementor-section elementor-top-section elementor-element elementor-element-b7a5ab6 elementor-section-boxed elementor-section-height-default elementor-section-height-default\" data-id=\"b7a5ab6\" data-element_type=\"section\">\n\t\t\t\t\t\t<div class=\"elementor-container elementor-column-gap-default\">\n\t\t\t\t\t<div class=\"elementor-column elementor-col-100 elementor-top-column elementor-element elementor-element-680ba80\" data-id=\"680ba80\" data-element_type=\"column\">\n\t\t\t<div class=\"elementor-widget-wrap elementor-element-populated\">\n\t\t\t\t\t\t<div class=\"elementor-element elementor-element-1b9b22b elementor-widget elementor-widget-heading\" data-id=\"1b9b22b\" data-element_type=\"widget\" data-widget_type=\"heading.default\">\n\t\t\t\t<div class=\"elementor-widget-container\">\n\t\t\t\t\t<h2 class=\"elementor-heading-title elementor-size-default\">\u00d6FFNUNGSZEITEN<\/h2>\t\t\t\t<\/div>\n\t\t\t\t<\/div>\n\t\t\t\t<div class=\"elementor-element elementor-element-c61be20 elementor-widget elementor-widget-text-editor\" data-id=\"c61be20\" data-element_type=\"widget\" data-widget_type=\"text-editor.default\">\n\t\t\t\t<div class=\"elementor-widget-container\">\n\t\t\t\t\t\t\t\t\t<ul><li style=\"font-weight: 400;\" aria-level=\"1\"><p><span style=\"font-weight: 400;\">Die Rezeption ist von 8.30 bis 22.30 Uhr ge\u00f6ffnet. F\u00fcr die Reservierung ist ein sp\u00e4ter Check-in kostenlos m\u00f6glich.<\/span><\/p><\/li><li style=\"font-weight: 400;\" aria-level=\"1\"><p><span style=\"font-weight: 400;\">Der Check-in f\u00fcr alle Unterk\u00fcnfte beginnt um 16:00 Uhr. Der Check-out erfolgt vor 11:00 Uhr.<\/span><\/p><\/li><li style=\"font-weight: 400;\" aria-level=\"1\"><p><span style=\"font-weight: 400;\">Der Check-in f\u00fcr Stellpl\u00e4tze beginnt um 9:00 Uhr. Der Check-out erfolgt vor 14:00 Uhr.<\/span><\/p><\/li><li style=\"font-weight: 400;\" aria-level=\"1\"><p><span style=\"font-weight: 400;\">Ein sp\u00e4ter Check-out ist auf Anfrage m\u00f6glich, je nach Verf\u00fcgbarkeit und gegen Aufpreis.<\/span><\/p><\/li><li style=\"font-weight: 400;\" aria-level=\"1\"><p><span style=\"font-weight: 400;\">Vor dem Check-in und nach dem Check-out steht allen G\u00e4sten eine kostenlose Gep\u00e4ckaufbewahrung zur Verf\u00fcgung.<\/span><\/p><\/li><\/ul>\t\t\t\t\t\t\t\t<\/div>\n\t\t\t\t<\/div>\n\t\t\t\t\t<\/div>\n\t\t<\/div>\n\t\t\t\t\t<\/div>\n\t\t<\/section>\n\t\t\t\t<section class=\"elementor-section elementor-top-section elementor-element elementor-element-68c6781 elementor-section-boxed elementor-section-height-default elementor-section-height-default\" data-id=\"68c6781\" data-element_type=\"section\">\n\t\t\t\t\t\t<div class=\"elementor-container elementor-column-gap-default\">\n\t\t\t\t\t<div class=\"elementor-column elementor-col-100 elementor-top-column elementor-element elementor-element-d5fd582\" data-id=\"d5fd582\" data-element_type=\"column\">\n\t\t\t<div class=\"elementor-widget-wrap elementor-element-populated\">\n\t\t\t\t\t\t<div class=\"elementor-element elementor-element-e580481 elementor-widget elementor-widget-heading\" data-id=\"e580481\" data-element_type=\"widget\" data-widget_type=\"heading.default\">\n\t\t\t\t<div class=\"elementor-widget-container\">\n\t\t\t\t\t<h2 class=\"elementor-heading-title elementor-size-default\">DIENSTLEISTUNGEN<\/h2>\t\t\t\t<\/div>\n\t\t\t\t<\/div>\n\t\t\t\t<div class=\"elementor-element elementor-element-97f13f4 elementor-widget elementor-widget-text-editor\" data-id=\"97f13f4\" data-element_type=\"widget\" data-widget_type=\"text-editor.default\">\n\t\t\t\t<div class=\"elementor-widget-container\">\n\t\t\t\t\t\t\t\t\t<p><span style=\"font-weight: 400;\">Sie k\u00f6nnen die Rezeption f\u00fcr die folgenden Dienstleistungen kontaktieren:<\/span><\/p><ul><li><span style=\"font-weight: 400;\">Touristeninformation;<\/span><\/li><li>Handtuchverleih;<\/li><li>Gep\u00e4cklagerung;<\/li><li>Taxireservierung;<\/li><\/ul>\t\t\t\t\t\t\t\t<\/div>\n\t\t\t\t<\/div>\n\t\t\t\t\t<\/div>\n\t\t<\/div>\n\t\t\t\t\t<\/div>\n\t\t<\/section>\n\t\t\t\t<section class=\"elementor-section elementor-top-section elementor-element elementor-element-4c5195a elementor-section-boxed elementor-section-height-default elementor-section-height-default\" data-id=\"4c5195a\" data-element_type=\"section\">\n\t\t\t\t\t\t<div class=\"elementor-container elementor-column-gap-default\">\n\t\t\t\t\t<div class=\"elementor-column elementor-col-100 elementor-top-column elementor-element elementor-element-ce0e52f\" data-id=\"ce0e52f\" data-element_type=\"column\">\n\t\t\t<div class=\"elementor-widget-wrap elementor-element-populated\">\n\t\t\t\t\t\t<div class=\"elementor-element elementor-element-9673fa2 elementor-widget elementor-widget-heading\" data-id=\"9673fa2\" data-element_type=\"widget\" data-widget_type=\"heading.default\">\n\t\t\t\t<div class=\"elementor-widget-container\">\n\t\t\t\t\t<h2 class=\"elementor-heading-title elementor-size-default\">ERFORDERLICHE DOCUMENTE<\/h2>\t\t\t\t<\/div>\n\t\t\t\t<\/div>\n\t\t\t\t<div class=\"elementor-element elementor-element-6bb4ae6 elementor-widget elementor-widget-text-editor\" data-id=\"6bb4ae6\" data-element_type=\"widget\" data-widget_type=\"text-editor.default\">\n\t\t\t\t<div class=\"elementor-widget-container\">\n\t\t\t\t\t\t\t\t\t<p><span style=\"font-weight: 400;\">Jeder, der sich auf dem Campingplatz aufh\u00e4lt, muss bei der Ankunft registriert sein. Daher sind f\u00fcr jede Person der Gruppe g\u00fcltige Ausweispapiere erforderlich. Beim Check-in m\u00fcssen EU-B\u00fcrger ihren Personalausweis und Nicht-EU-B\u00fcrger ihren Reisepass vorzeigen. Fotos oder Kopien von Dokumenten werden nicht akzeptiert. Dokumente sind auch f\u00fcr Minderj\u00e4hrige erforderlich. <\/span><span style=\"font-weight: 400;\">Wenn Sie mit Ihrem Haustier reisen, teilen Sie uns dies bitte zum Zeitpunkt der Buchung mit und bringen Sie die entsprechenden Dokumente mit.<\/span><\/p>\t\t\t\t\t\t\t\t<\/div>\n\t\t\t\t<\/div>\n\t\t\t\t\t<\/div>\n\t\t<\/div>\n\t\t\t\t\t<\/div>\n\t\t<\/section>\n\t\t\t\t<section class=\"elementor-section elementor-top-section elementor-element elementor-element-5ec605f elementor-section-boxed elementor-section-height-default elementor-section-height-default\" data-id=\"5ec605f\" data-element_type=\"section\">\n\t\t\t\t\t\t<div class=\"elementor-container elementor-column-gap-default\">\n\t\t\t\t\t<div class=\"elementor-column elementor-col-100 elementor-top-column elementor-element elementor-element-0df5afd\" data-id=\"0df5afd\" data-element_type=\"column\">\n\t\t\t<div class=\"elementor-widget-wrap elementor-element-populated\">\n\t\t\t\t\t\t<div class=\"elementor-element elementor-element-26f3aee elementor-widget elementor-widget-heading\" data-id=\"26f3aee\" data-element_type=\"widget\" data-widget_type=\"heading.default\">\n\t\t\t\t<div class=\"elementor-widget-container\">\n\t\t\t\t\t<h2 class=\"elementor-heading-title elementor-size-default\">TRANSFER<\/h2>\t\t\t\t<\/div>\n\t\t\t\t<\/div>\n\t\t\t\t<div class=\"elementor-element elementor-element-02d06e5 elementor-widget elementor-widget-text-editor\" data-id=\"02d06e5\" data-element_type=\"widget\" data-widget_type=\"text-editor.default\">\n\t\t\t\t<div class=\"elementor-widget-container\">\n\t\t\t\t\t\t\t\t\t<p><span style=\"font-weight: 400;\">Sie k\u00f6nnen sich an die Rezeption wenden, um Transfers zum internationalen Flughafen \u201eGalileo Galilei\u201c zu organisieren. Um den Campingplatz zu erreichen, k\u00f6nnen Sie alternativ die Informationen auf unserer Infoseite hier einsehen.<\/span><\/p>\t\t\t\t\t\t\t\t<\/div>\n\t\t\t\t<\/div>\n\t\t\t\t\t<\/div>\n\t\t<\/div>\n\t\t\t\t\t<\/div>\n\t\t<\/section>\n\t\t\t\t<section class=\"elementor-section elementor-top-section elementor-element elementor-element-8e01ac3 elementor-section-boxed elementor-section-height-default elementor-section-height-default\" data-id=\"8e01ac3\" data-element_type=\"section\" data-settings=\"{&quot;background_background&quot;:&quot;classic&quot;}\">\n\t\t\t\t\t\t<div class=\"elementor-container elementor-column-gap-default\">\n\t\t\t\t\t<div class=\"elementor-column elementor-col-100 elementor-top-column elementor-element elementor-element-1cf1090\" data-id=\"1cf1090\" data-element_type=\"column\">\n\t\t\t<div class=\"elementor-widget-wrap elementor-element-populated\">\n\t\t\t\t\t\t<div class=\"elementor-element elementor-element-5faca14 animated-slow elementor-view-default elementor-position-top elementor-invisible elementor-widget elementor-widget-themo-header\" data-id=\"5faca14\" data-element_type=\"widget\" data-settings=\"{&quot;_animation&quot;:&quot;fadeInDown&quot;}\" data-widget_type=\"themo-header.default\">\n\t\t\t\t<div class=\"elementor-widget-container\">\n\t\t\t\t\t\t\t<div class=\"th-header-wrap\">\n        <div class=\"elementor-icon-box-wrapper th-show-icon\">\n                            <div class=\"elementor-icon-box-icon th-icon-size-lg\">\n                    <span class=\"elementor-icon \">\n                        <i aria-hidden=\"true\" class=\"th-trip travelpack th-trip travelpack-room-service\"><\/i>                    <\/span>\n                <\/div>\n                                <div class=\"elementor-icon-box-content\">\n                    <h2 class=\"elementor-icon-box-title\">\n                        DIENSTLEISTUNGEN                    <\/h2>\n                                            <span class=\"th-header-divider\"><\/span>\n                                        <p class=\"elementor-icon-box-description\"><\/p>\n\n                                    <\/div>\n            <\/div>\n\n        <\/div>\n\n\t\t\t\t\t\t<\/div>\n\t\t\t\t<\/div>\n\t\t\t\t\t<\/div>\n\t\t<\/div>\n\t\t\t\t\t<\/div>\n\t\t<\/section>\n\t\t\t\t<section class=\"elementor-section elementor-top-section elementor-element elementor-element-1730a08 elementor-section-boxed elementor-section-height-default elementor-section-height-default\" data-id=\"1730a08\" data-element_type=\"section\">\n\t\t\t\t\t\t<div class=\"elementor-container elementor-column-gap-default\">\n\t\t\t\t\t<div class=\"elementor-column elementor-col-50 elementor-top-column elementor-element elementor-element-56ac3d4\" data-id=\"56ac3d4\" data-element_type=\"column\">\n\t\t\t<div class=\"elementor-widget-wrap elementor-element-populated\">\n\t\t\t\t\t\t<div class=\"elementor-element elementor-element-8b0b514 elementor-widget elementor-widget-text-editor\" data-id=\"8b0b514\" data-element_type=\"widget\" data-widget_type=\"text-editor.default\">\n\t\t\t\t<div class=\"elementor-widget-container\">\n\t\t\t\t\t\t\t\t\t<p><b>Geldautomat<\/b><\/p><p><span style=\"font-weight: 400;\">Der Campingplatz verf\u00fcgt \u00fcber einen Geldautomaten vor der Rezeption.<\/span><\/p><p><b>Bar<\/b><\/p><p><span style=\"font-weight: 400;\">Die Bar ist von 8.00 bis 22.00 Uhr ge\u00f6ffnet. Es befindet sich vor dem Pool.<\/span><\/p><p><b>Diensteistungen f\u00fcr Behinderte<\/b><\/p><p><span style=\"font-weight: 400;\">Rezeption, Bar und Restaurant sind f\u00fcr Menschen mit eingeschr\u00e4nkter Mobilit\u00e4t leicht zug\u00e4nglich und es gibt \u00f6ffentliche Toiletten f\u00fcr Behinderte.<\/span><\/p><p><b>W\u00e4sche<\/b><\/p><p><span style=\"font-weight: 400;\">Auf dem Campingplatz stehen rund um die Uhr ge\u00f6ffnete Waschmaschinen und Trockner zur Verf\u00fcgung. M\u00fcnzen sind an der Rezeption erh\u00e4ltlich.<\/span><\/p><p><b>Gep\u00e4cklagerung<\/b><\/p><p><span style=\"font-weight: 400;\">Die Gep\u00e4ckaufbewahrung steht allen G\u00e4sten zur Verf\u00fcgung und ist kostenlos.<\/span><\/p>\t\t\t\t\t\t\t\t<\/div>\n\t\t\t\t<\/div>\n\t\t\t\t\t<\/div>\n\t\t<\/div>\n\t\t\t\t<div class=\"elementor-column elementor-col-50 elementor-top-column elementor-element elementor-element-8557f41\" data-id=\"8557f41\" data-element_type=\"column\">\n\t\t\t<div class=\"elementor-widget-wrap elementor-element-populated\">\n\t\t\t\t\t\t<div class=\"elementor-element elementor-element-c3cabdc elementor-widget elementor-widget-text-editor\" data-id=\"c3cabdc\" data-element_type=\"widget\" data-widget_type=\"text-editor.default\">\n\t\t\t\t<div class=\"elementor-widget-container\">\n\t\t\t\t\t\t\t\t\t<p><b>Markt<\/b><\/p><p><span style=\"font-weight: 400;\">Der Markt ist t\u00e4glich ge\u00f6ffnet, auch sonntags. Es ist mit frischem Brot und allem ausgestattet, was Sie f\u00fcr Ihren t\u00e4glichen Einkauf ben\u00f6tigen.<\/span><\/p><p><b>Parken<\/b><\/p><p><span style=\"font-weight: 400;\">Es ist m\u00f6glich, Ihr Auto oder Ihr Fahrzeug in der N\u00e4he Ihrer Unterkunft oder auf dem internen Parkplatz zu parken.<\/span><\/p><p><b>Mietzus\u00e4tze<\/b><\/p><p><span style=\"font-weight: 400;\">An der Rezeption k\u00f6nnen Sie einen Satz Handt\u00fccher f\u00fcr 5,00 \u20ac (ein Handtuch und ein Badetuch) mieten. Auf Anfrage k\u00f6nnen auch Babybetten verwendet werden.<\/span><\/p><p><b>Restaurant<\/b><\/p><p><span style=\"font-weight: 400;\">Das Restaurant ist t\u00e4glich von 19.00 bis 22.00 Uhr ge\u00f6ffnet. Es bietet internationale und regionale Gerichte und italienische Pizza zum Mitnehmen.<\/span><\/p>\t\t\t\t\t\t\t\t<\/div>\n\t\t\t\t<\/div>\n\t\t\t\t\t<\/div>\n\t\t<\/div>\n\t\t\t\t\t<\/div>\n\t\t<\/section>\n\t\t\t\t<section class=\"elementor-section elementor-top-section elementor-element elementor-element-f17a7e3 elementor-section-boxed elementor-section-height-default elementor-section-height-default\" data-id=\"f17a7e3\" data-element_type=\"section\" data-settings=\"{&quot;background_background&quot;:&quot;classic&quot;}\">\n\t\t\t\t\t\t<div class=\"elementor-container elementor-column-gap-default\">\n\t\t\t\t\t<div class=\"elementor-column elementor-col-100 elementor-top-column elementor-element elementor-element-967c318\" data-id=\"967c318\" data-element_type=\"column\">\n\t\t\t<div class=\"elementor-widget-wrap elementor-element-populated\">\n\t\t\t\t\t\t<div class=\"elementor-element elementor-element-09bd66d animated-slow elementor-view-default elementor-position-top elementor-invisible elementor-widget elementor-widget-themo-header\" data-id=\"09bd66d\" data-element_type=\"widget\" data-settings=\"{&quot;_animation&quot;:&quot;fadeInDown&quot;}\" data-widget_type=\"themo-header.default\">\n\t\t\t\t<div class=\"elementor-widget-container\">\n\t\t\t\t\t\t\t<div class=\"th-header-wrap\">\n        <div class=\"elementor-icon-box-wrapper th-show-icon\">\n                            <div class=\"elementor-icon-box-icon th-icon-size-lg\">\n                    <span class=\"elementor-icon \">\n                        <i aria-hidden=\"true\" class=\"fas fa-swimming-pool\"><\/i>                    <\/span>\n                <\/div>\n                                <div class=\"elementor-icon-box-content\">\n                    <h2 class=\"elementor-icon-box-title\">\n                        FREIZEIT                    <\/h2>\n                                            <span class=\"th-header-divider\"><\/span>\n                                        <p class=\"elementor-icon-box-description\"><\/p>\n\n                                    <\/div>\n            <\/div>\n\n        <\/div>\n\n\t\t\t\t\t\t<\/div>\n\t\t\t\t<\/div>\n\t\t\t\t\t<\/div>\n\t\t<\/div>\n\t\t\t\t\t<\/div>\n\t\t<\/section>\n\t\t\t\t<section class=\"elementor-section elementor-top-section elementor-element elementor-element-f00b8e4 elementor-section-boxed elementor-section-height-default elementor-section-height-default\" data-id=\"f00b8e4\" data-element_type=\"section\">\n\t\t\t\t\t\t<div class=\"elementor-container elementor-column-gap-default\">\n\t\t\t\t\t<div class=\"elementor-column elementor-col-50 elementor-top-column elementor-element elementor-element-c2168f5\" data-id=\"c2168f5\" data-element_type=\"column\">\n\t\t\t<div class=\"elementor-widget-wrap elementor-element-populated\">\n\t\t\t\t\t\t<div class=\"elementor-element elementor-element-db3513d elementor-widget elementor-widget-text-editor\" data-id=\"db3513d\" data-element_type=\"widget\" data-widget_type=\"text-editor.default\">\n\t\t\t\t<div class=\"elementor-widget-container\">\n\t\t\t\t\t\t\t\t\t<p><b>Grill<\/b><\/p><p><span style=\"font-weight: 400;\">Auf dem Campingplatz gibt es einige Grillm\u00f6glichkeiten auf dem gesamten Campingplatz, die allen G\u00e4sten zur Verf\u00fcgung stehen.<\/span><\/p><p><b>Spielbereiche<\/b><\/p><p><span style=\"font-weight: 400;\">Auf dem Campingplatz gibt es einen Beachvolleyballplatz, eine Tischtennisplatte und einen Spielplatz f\u00fcr Kinder.<\/span><\/p>\t\t\t\t\t\t\t\t<\/div>\n\t\t\t\t<\/div>\n\t\t\t\t\t<\/div>\n\t\t<\/div>\n\t\t\t\t<div class=\"elementor-column elementor-col-50 elementor-top-column elementor-element elementor-element-3b52344\" data-id=\"3b52344\" data-element_type=\"column\">\n\t\t\t<div class=\"elementor-widget-wrap elementor-element-populated\">\n\t\t\t\t\t\t<div class=\"elementor-element elementor-element-c681544 elementor-widget elementor-widget-text-editor\" data-id=\"c681544\" data-element_type=\"widget\" data-widget_type=\"text-editor.default\">\n\t\t\t\t<div class=\"elementor-widget-container\">\n\t\t\t\t\t\t\t\t\t<p><b>\u00d6ffnungszeiten des Pools<\/b><\/p><p><span style=\"font-weight: 400;\">Der Pool ist t\u00e4glich von 10.00 bis 19.00 Uhr ge\u00f6ffnet. In der Hochsaison ist es von 9.00 bis 20.00 Uhr ge\u00f6ffnet. Anl\u00e4sslich von Festen oder besonderen Anl\u00e4ssen ist der Pool von 21.00 bis 23.00 Uhr ge\u00f6ffnet.<\/span><\/p><p><b>W-lan<\/b><\/p><p><span style=\"font-weight: 400;\">Die WLAN-Abdeckung ist auf dem gesamten Campingplatz garantiert. Der WLAN-Zugang ist mit einem pers\u00f6nlichen Passwort auf Anfrage an der Rezeption kostenlos.<\/span><\/p>\t\t\t\t\t\t\t\t<\/div>\n\t\t\t\t<\/div>\n\t\t\t\t\t<\/div>\n\t\t<\/div>\n\t\t\t\t\t<\/div>\n\t\t<\/section>\n\t\t\t\t<section class=\"elementor-section elementor-top-section elementor-element elementor-element-c0c151d elementor-section-boxed elementor-section-height-default elementor-section-height-default\" data-id=\"c0c151d\" data-element_type=\"section\" data-settings=\"{&quot;background_background&quot;:&quot;classic&quot;}\">\n\t\t\t\t\t\t<div class=\"elementor-container elementor-column-gap-default\">\n\t\t\t\t\t<div class=\"elementor-column elementor-col-100 elementor-top-column elementor-element elementor-element-5e3fddc\" data-id=\"5e3fddc\" data-element_type=\"column\">\n\t\t\t<div class=\"elementor-widget-wrap elementor-element-populated\">\n\t\t\t\t\t\t<div class=\"elementor-element elementor-element-1e57110 elementor-view-default elementor-position-top elementor-invisible elementor-widget elementor-widget-themo-header\" data-id=\"1e57110\" data-element_type=\"widget\" data-settings=\"{&quot;_animation&quot;:&quot;fadeInUp&quot;}\" data-widget_type=\"themo-header.default\">\n\t\t\t\t<div class=\"elementor-widget-container\">\n\t\t\t\t\t\t\t<div class=\"th-header-wrap\">\n        <div class=\"elementor-icon-box-wrapper th-show-icon\">\n                            <div class=\"elementor-icon-box-icon th-icon-size-lg\">\n                    <span class=\"elementor-icon \">\n                        <i aria-hidden=\"true\" class=\"fas fa-info-circle\"><\/i>                    <\/span>\n                <\/div>\n                                <div class=\"elementor-icon-box-content\">\n                    <h2 class=\"elementor-icon-box-title\">\n                        WEITERE INFORMATIONEN                    <\/h2>\n                                            <span class=\"th-header-divider\"><\/span>\n                                        <p class=\"elementor-icon-box-description\"><\/p>\n\n                                    <\/div>\n            <\/div>\n\n        <\/div>\n\n\t\t\t\t\t\t<\/div>\n\t\t\t\t<\/div>\n\t\t\t\t\t<\/div>\n\t\t<\/div>\n\t\t\t\t\t<\/div>\n\t\t<\/section>\n\t\t\t\t<section class=\"elementor-section elementor-top-section elementor-element elementor-element-4d0b520 elementor-section-boxed elementor-section-height-default elementor-section-height-default\" data-id=\"4d0b520\" data-element_type=\"section\">\n\t\t\t\t\t\t<div class=\"elementor-container elementor-column-gap-default\">\n\t\t\t\t\t<div class=\"elementor-column elementor-col-50 elementor-top-column elementor-element elementor-element-cb72668\" data-id=\"cb72668\" data-element_type=\"column\">\n\t\t\t<div class=\"elementor-widget-wrap elementor-element-populated\">\n\t\t\t\t\t\t<div class=\"elementor-element elementor-element-536779a elementor-widget elementor-widget-text-editor\" data-id=\"536779a\" data-element_type=\"widget\" data-widget_type=\"text-editor.default\">\n\t\t\t\t<div class=\"elementor-widget-container\">\n\t\t\t\t\t\t\t\t\t<p><b>Haustierfreundlich<\/b><\/p><p><span style=\"font-weight: 400;\">In den Mobil Heimen sind Hunde auf Anfrage und gegen eine zus\u00e4tzliche Reinigungsgeb\u00fchr (40 \u20ac) nur in der &#8220;Easy&#8221; unterkunft gestattet. Auf den Campingpl\u00e4tzen sind Haustiere immer erlaubt, ohne Zuschlag.<\/span><\/p>\t\t\t\t\t\t\t\t<\/div>\n\t\t\t\t<\/div>\n\t\t\t\t\t<\/div>\n\t\t<\/div>\n\t\t\t\t<div class=\"elementor-column elementor-col-50 elementor-top-column elementor-element elementor-element-eaf77ae\" data-id=\"eaf77ae\" data-element_type=\"column\">\n\t\t\t<div class=\"elementor-widget-wrap elementor-element-populated\">\n\t\t\t\t\t\t<div class=\"elementor-element elementor-element-9d58384 elementor-widget elementor-widget-text-editor\" data-id=\"9d58384\" data-element_type=\"widget\" data-widget_type=\"text-editor.default\">\n\t\t\t\t<div class=\"elementor-widget-container\">\n\t\t\t\t\t\t\t\t\t<p><b>Stille Stunden<\/b><\/p>\n<p><span style=\"font-weight: 400;\">Der Campingplatz hat zwischen 00:00 und 06:00 Uhr \u201eruhige Stunden\u201c. W\u00e4hrend dieser Zeit ist es nicht m\u00f6glich, Fahrzeuge auf dem Campingplatz zu fahren. Wenn Sie w\u00e4hrend der ruhigen Stunden mit dem Auto anreisen, m\u00fcssen Sie das Auto auf dem internen Parkplatz in der N\u00e4he der Rezeption abstellen und zu Fu\u00df zu Ihrer Unterkunft oder Ihrem Stellplatz gehen.<\/span><\/p>\t\t\t\t\t\t\t\t<\/div>\n\t\t\t\t<\/div>\n\t\t\t\t\t<\/div>\n\t\t<\/div>\n\t\t\t\t\t<\/div>\n\t\t<\/section>\n\t\t\t\t<\/div>\n\t\t","protected":false},"excerpt":{"rendered":"<p>VOR DER ANKUNFT WICHTIGE INFORMATIONEN REZEPTION \u00d6FFNUNGSZEITEN Die Rezeption ist von 8.30 bis 22.30 Uhr ge\u00f6ffnet. F\u00fcr die Reservierung ist ein sp\u00e4ter Check-in kostenlos m\u00f6glich. Der Check-in f\u00fcr alle Unterk\u00fcnfte beginnt um 16:00 Uhr. Der Check-out erfolgt vor 11:00 Uhr. &hellip; <a href=\"https:\/\/www.campingtorrependente.it\/de\/vor-der-ankunft\">Read More<\/a><\/p>\n","protected":false},"author":1,"featured_media":0,"parent":0,"menu_order":0,"comment_status":"closed","ping_status":"closed","template":"templates\/blog-masonry-wide.php","meta":{"footnotes":""},"class_list":["post-3683","page","type-page","status-publish","hentry"],"yoast_head":"<!-- This site is optimized with the Yoast SEO plugin v28.2 - https:\/\/yoast.com\/product\/yoast-seo-wordpress\/ -->\n<title>Vor der Ankunft<\/title>\n<meta name=\"robots\" content=\"index, follow, max-snippet:-1, max-image-preview:large, max-video-preview:-1\" \/>\n<link rel=\"canonical\" href=\"https:\/\/www.campingtorrependente.it\/prima-di-partire\" \/>\n<meta property=\"og:locale\" content=\"de_DE\" \/>\n<meta property=\"og:type\" content=\"article\" \/>\n<meta property=\"og:title\" content=\"Vor der Ankunft\" \/>\n<meta property=\"og:description\" content=\"VOR DER ANKUNFT WICHTIGE INFORMATIONEN REZEPTION \u00d6FFNUNGSZEITEN Die Rezeption ist von 8.30 bis 22.30 Uhr ge\u00f6ffnet. F\u00fcr die Reservierung ist ein sp\u00e4ter Check-in kostenlos m\u00f6glich. Der Check-in f\u00fcr alle Unterk\u00fcnfte beginnt um 16:00 Uhr. Der Check-out erfolgt vor 11:00 Uhr. &hellip; Read More\" \/>\n<meta property=\"og:url\" content=\"https:\/\/www.campingtorrependente.it\/prima-di-partire\" \/>\n<meta property=\"og:site_name\" content=\"Torre Pendente\" \/>\n<meta property=\"article:modified_time\" content=\"2026-02-06T16:18:36+00:00\" \/>\n<meta name=\"twitter:card\" content=\"summary_large_image\" \/>\n<meta name=\"twitter:label1\" content=\"Gesch\u00e4tzte Lesezeit\" \/>\n\t<meta name=\"twitter:data1\" content=\"4\u00a0Minuten\" \/>\n<script type=\"application\/ld+json\" class=\"yoast-schema-graph\">{\"@context\":\"https:\\\/\\\/schema.org\",\"@graph\":[{\"@type\":\"WebPage\",\"@id\":\"https:\\\/\\\/www.campingtorrependente.it\\\/prima-di-partire\",\"url\":\"https:\\\/\\\/www.campingtorrependente.it\\\/prima-di-partire\",\"name\":\"Vor der Ankunft\",\"isPartOf\":{\"@id\":\"https:\\\/\\\/www.campingtorrependente.it\\\/#website\"},\"datePublished\":\"2021-02-25T14:10:22+00:00\",\"dateModified\":\"2026-02-06T16:18:36+00:00\",\"breadcrumb\":{\"@id\":\"https:\\\/\\\/www.campingtorrependente.it\\\/prima-di-partire#breadcrumb\"},\"inLanguage\":\"de\",\"potentialAction\":[{\"@type\":\"ReadAction\",\"target\":[\"https:\\\/\\\/www.campingtorrependente.it\\\/prima-di-partire\"]}]},{\"@type\":\"BreadcrumbList\",\"@id\":\"https:\\\/\\\/www.campingtorrependente.it\\\/prima-di-partire#breadcrumb\",\"itemListElement\":[{\"@type\":\"ListItem\",\"position\":1,\"name\":\"Home\",\"item\":\"https:\\\/\\\/www.campingtorrependente.it\\\/en\"},{\"@type\":\"ListItem\",\"position\":2,\"name\":\"Vor der Ankunft\"}]},{\"@type\":\"WebSite\",\"@id\":\"https:\\\/\\\/www.campingtorrependente.it\\\/#website\",\"url\":\"https:\\\/\\\/www.campingtorrependente.it\\\/\",\"name\":\"Torre Pendente\",\"description\":\"Camping Village a Pisa\",\"publisher\":{\"@id\":\"https:\\\/\\\/www.campingtorrependente.it\\\/#organization\"},\"potentialAction\":[{\"@type\":\"SearchAction\",\"target\":{\"@type\":\"EntryPoint\",\"urlTemplate\":\"https:\\\/\\\/www.campingtorrependente.it\\\/?s={search_term_string}\"},\"query-input\":{\"@type\":\"PropertyValueSpecification\",\"valueRequired\":true,\"valueName\":\"search_term_string\"}}],\"inLanguage\":\"de\"},{\"@type\":\"Organization\",\"@id\":\"https:\\\/\\\/www.campingtorrependente.it\\\/#organization\",\"name\":\"Agriturismo Rustico del Conero\",\"url\":\"https:\\\/\\\/www.campingtorrependente.it\\\/\",\"logo\":{\"@type\":\"ImageObject\",\"inLanguage\":\"de\",\"@id\":\"https:\\\/\\\/www.campingtorrependente.it\\\/#\\\/schema\\\/logo\\\/image\\\/\",\"url\":\"\",\"contentUrl\":\"\",\"caption\":\"Agriturismo Rustico del Conero\"},\"image\":{\"@id\":\"https:\\\/\\\/www.campingtorrependente.it\\\/#\\\/schema\\\/logo\\\/image\\\/\"}}]}<\/script>\n<!-- \/ Yoast SEO plugin. -->","yoast_head_json":{"title":"Vor der Ankunft","robots":{"index":"index","follow":"follow","max-snippet":"max-snippet:-1","max-image-preview":"max-image-preview:large","max-video-preview":"max-video-preview:-1"},"canonical":"https:\/\/www.campingtorrependente.it\/prima-di-partire","og_locale":"de_DE","og_type":"article","og_title":"Vor der Ankunft","og_description":"VOR DER ANKUNFT WICHTIGE INFORMATIONEN REZEPTION \u00d6FFNUNGSZEITEN Die Rezeption ist von 8.30 bis 22.30 Uhr ge\u00f6ffnet. F\u00fcr die Reservierung ist ein sp\u00e4ter Check-in kostenlos m\u00f6glich. Der Check-in f\u00fcr alle Unterk\u00fcnfte beginnt um 16:00 Uhr. Der Check-out erfolgt vor 11:00 Uhr. &hellip; Read More","og_url":"https:\/\/www.campingtorrependente.it\/prima-di-partire","og_site_name":"Torre Pendente","article_modified_time":"2026-02-06T16:18:36+00:00","twitter_card":"summary_large_image","twitter_misc":{"Gesch\u00e4tzte Lesezeit":"4\u00a0Minuten"},"schema":{"@context":"https:\/\/schema.org","@graph":[{"@type":"WebPage","@id":"https:\/\/www.campingtorrependente.it\/prima-di-partire","url":"https:\/\/www.campingtorrependente.it\/prima-di-partire","name":"Vor der Ankunft","isPartOf":{"@id":"https:\/\/www.campingtorrependente.it\/#website"},"datePublished":"2021-02-25T14:10:22+00:00","dateModified":"2026-02-06T16:18:36+00:00","breadcrumb":{"@id":"https:\/\/www.campingtorrependente.it\/prima-di-partire#breadcrumb"},"inLanguage":"de","potentialAction":[{"@type":"ReadAction","target":["https:\/\/www.campingtorrependente.it\/prima-di-partire"]}]},{"@type":"BreadcrumbList","@id":"https:\/\/www.campingtorrependente.it\/prima-di-partire#breadcrumb","itemListElement":[{"@type":"ListItem","position":1,"name":"Home","item":"https:\/\/www.campingtorrependente.it\/en"},{"@type":"ListItem","position":2,"name":"Vor der Ankunft"}]},{"@type":"WebSite","@id":"https:\/\/www.campingtorrependente.it\/#website","url":"https:\/\/www.campingtorrependente.it\/","name":"Torre Pendente","description":"Camping Village a Pisa","publisher":{"@id":"https:\/\/www.campingtorrependente.it\/#organization"},"potentialAction":[{"@type":"SearchAction","target":{"@type":"EntryPoint","urlTemplate":"https:\/\/www.campingtorrependente.it\/?s={search_term_string}"},"query-input":{"@type":"PropertyValueSpecification","valueRequired":true,"valueName":"search_term_string"}}],"inLanguage":"de"},{"@type":"Organization","@id":"https:\/\/www.campingtorrependente.it\/#organization","name":"Agriturismo Rustico del Conero","url":"https:\/\/www.campingtorrependente.it\/","logo":{"@type":"ImageObject","inLanguage":"de","@id":"https:\/\/www.campingtorrependente.it\/#\/schema\/logo\/image\/","url":"","contentUrl":"","caption":"Agriturismo Rustico del Conero"},"image":{"@id":"https:\/\/www.campingtorrependente.it\/#\/schema\/logo\/image\/"}}]}},"_links":{"self":[{"href":"https:\/\/www.campingtorrependente.it\/de\/wp-json\/wp\/v2\/pages\/3683","targetHints":{"allow":["GET"]}}],"collection":[{"href":"https:\/\/www.campingtorrependente.it\/de\/wp-json\/wp\/v2\/pages"}],"about":[{"href":"https:\/\/www.campingtorrependente.it\/de\/wp-json\/wp\/v2\/types\/page"}],"author":[{"embeddable":true,"href":"https:\/\/www.campingtorrependente.it\/de\/wp-json\/wp\/v2\/users\/1"}],"replies":[{"embeddable":true,"href":"https:\/\/www.campingtorrependente.it\/de\/wp-json\/wp\/v2\/comments?post=3683"}],"version-history":[{"count":26,"href":"https:\/\/www.campingtorrependente.it\/de\/wp-json\/wp\/v2\/pages\/3683\/revisions"}],"predecessor-version":[{"id":6493,"href":"https:\/\/www.campingtorrependente.it\/de\/wp-json\/wp\/v2\/pages\/3683\/revisions\/6493"}],"wp:attachment":[{"href":"https:\/\/www.campingtorrependente.it\/de\/wp-json\/wp\/v2\/media?parent=3683"}],"curies":[{"name":"wp","href":"https:\/\/api.w.org\/{rel}","templated":true}]}}