{"id":3793,"date":"2021-03-02T14:11:45","date_gmt":"2021-03-02T14:11:45","guid":{"rendered":"https:\/\/www.campingtorrependente.it\/?page_id=3793"},"modified":"2026-02-06T17:29:20","modified_gmt":"2026-02-06T17:29:20","slug":"camping","status":"publish","type":"page","link":"https:\/\/www.campingtorrependente.it\/fr\/camping","title":{"rendered":"Camping"},"content":{"rendered":"\t\t<div data-elementor-type=\"wp-page\" data-elementor-id=\"3793\" class=\"elementor elementor-3793 elementor-1462\" data-elementor-post-type=\"page\">\n\t\t\t\t\t\t<section class=\"elementor-section elementor-top-section elementor-element elementor-element-e2586ac elementor-section-boxed elementor-section-height-default elementor-section-height-default\" data-id=\"e2586ac\" data-element_type=\"section\" data-settings=\"{&quot;background_background&quot;:&quot;classic&quot;}\">\n\t\t\t\t\t\t\t<div class=\"elementor-background-overlay\"><\/div>\n\t\t\t\t\t\t\t<div class=\"elementor-container elementor-column-gap-default\">\n\t\t\t\t\t<div class=\"elementor-column elementor-col-100 elementor-top-column elementor-element elementor-element-e42efde\" data-id=\"e42efde\" data-element_type=\"column\">\n\t\t\t<div class=\"elementor-widget-wrap elementor-element-populated\">\n\t\t\t\t\t\t<div class=\"elementor-element elementor-element-145a642 elementor-hidden-tablet elementor-hidden-phone elementor-widget elementor-widget-heading\" data-id=\"145a642\" data-element_type=\"widget\" data-widget_type=\"heading.default\">\n\t\t\t\t<div class=\"elementor-widget-container\">\n\t\t\t\t\t<h2 class=\"elementor-heading-title elementor-size-xxl\"><b>CAMPING<\/b><\/h2>\t\t\t\t<\/div>\n\t\t\t\t<\/div>\n\t\t\t\t\t<\/div>\n\t\t<\/div>\n\t\t\t\t\t<\/div>\n\t\t<\/section>\n\t\t\t\t<section class=\"elementor-section elementor-top-section elementor-element elementor-element-fa3bf31 elementor-section-boxed elementor-section-height-default elementor-section-height-default\" data-id=\"fa3bf31\" data-element_type=\"section\" data-settings=\"{&quot;background_background&quot;:&quot;classic&quot;}\">\n\t\t\t\t\t\t\t<div class=\"elementor-background-overlay\"><\/div>\n\t\t\t\t\t\t\t<div class=\"elementor-container elementor-column-gap-default\">\n\t\t\t\t\t<div class=\"elementor-column elementor-col-100 elementor-top-column elementor-element elementor-element-3107535\" data-id=\"3107535\" data-element_type=\"column\">\n\t\t\t<div class=\"elementor-widget-wrap elementor-element-populated\">\n\t\t\t\t\t\t<div class=\"elementor-element elementor-element-30a7d9f elementor-widget elementor-widget-text-editor\" data-id=\"30a7d9f\" data-element_type=\"widget\" data-widget_type=\"text-editor.default\">\n\t\t\t\t<div class=\"elementor-widget-container\">\n\t\t\t\t\t\t\t\t\t<p><b>Emplacements pour camping-cars, caravanes et tentes : de vraies vacances en plein air<\/b><\/p><p><span style=\"font-weight: 400;\">Si pour vous la libert\u00e9 sent la nature et r\u00e9sonne comme le vent dans les arbres, nos <\/span><b>emplacements de 50 \u00e0 60 m\u00b2<\/b><span style=\"font-weight: 400;\"> sont votre maison id\u00e9ale \u00e0 Pise.<\/span><span style=\"font-weight: 400;\"><br \/><\/span><span style=\"font-weight: 400;\"> Parfaits pour camping-cars, caravanes et tentes, tous les emplacements sont \u00e9quip\u00e9s <\/span><b>d\u2019un branchement \u00e9lectrique, d\u2019un point d\u2019eau potable<\/b><span style=\"font-weight: 400;\"> et se trouvent \u00e0 quelques pas des <\/span><b>blocs sanitaires avec douches chaudes gratuites, cuisine partag\u00e9e<\/b><span style=\"font-weight: 400;\"> et <\/span><b>barbecues<\/b><span style=\"font-weight: 400;\"> pour vos grillades du soir.<\/span><\/p><p><span style=\"font-weight: 400;\">Besoin de plus d\u2019intimit\u00e9 ? Vous pouvez louer <\/span><b>une salle de bain priv\u00e9e<\/b><span style=\"font-weight: 400;\"> ! Et pour rendre votre s\u00e9jour encore plus agr\u00e9able, vous b\u00e9n\u00e9ficierez d\u2019un service pour camping-cars, <\/span><b>acc\u00e8s gratuit \u00e0 la piscine, Wi-Fi illimit\u00e9<\/b><span style=\"font-weight: 400;\">, et aucun frais cach\u00e9.<\/span><\/p><p><span style=\"font-weight: 400;\">\u00c0 seulement 800 m\u00e8tres de la Tour de Pise, vous profiterez de vacances au plus pr\u00e8s de la nature, \u00e0 deux pas du centre historique.<\/span><\/p><p><b>R\u00e9servations possibles pour des s\u00e9jours de 5 nuits ou plus<\/b><span style=\"font-weight: 400;\">.<\/span><span style=\"font-weight: 400;\"><br \/><\/span><span style=\"font-weight: 400;\"> Pour les s\u00e9jours plus courts, venez directement \u2014 nous trouverons l\u2019emplacement parfait pour vous !<\/span><\/p>\t\t\t\t\t\t\t\t<\/div>\n\t\t\t\t<\/div>\n\t\t\t\t<div class=\"elementor-element elementor-element-3771f26 elementor-view-default elementor-position-top elementor-widget elementor-widget-themo-header\" data-id=\"3771f26\" data-element_type=\"widget\" data-widget_type=\"themo-header.default\">\n\t\t\t\t<div class=\"elementor-widget-container\">\n\t\t\t\t\t\t\t<div class=\"th-header-wrap\">\n        <div class=\"elementor-icon-box-wrapper \">\n                            <div class=\"elementor-icon-box-content\">\n                    <h2 class=\"elementor-icon-box-title\">\n                                            <\/h2>\n                                            <span class=\"th-header-divider\"><\/span>\n                                        <p class=\"elementor-icon-box-description\"><\/p>\n\n                                            <div class=\"th-btn-wrap\">\n                                                            <a class=\"btn-1 btn th-btn btn-standard-primary\" href=\"https:\/\/be.bookingexpert.it\/book\/home\/single?layout=15598&#038;lang=en&#038;currency=EUR&#038;nsid=e701a04d-70ee-4f26-8c87-8d45b9763d0e&#038;searchId=8d19a05d-41ef-4440-8dd8-f46c6bf10a6e\" target=\"_blank\">\n                                                                            R\u00e9servez votre emplacement                                                                    <\/a>\n                            \n                                                    <\/div>\n                                    <\/div>\n            <\/div>\n\n        <\/div>\n\n\t\t\t\t\t\t<\/div>\n\t\t\t\t<\/div>\n\t\t\t\t<div class=\"elementor-element elementor-element-888c2d1 elementor-widget elementor-widget-menu-anchor\" data-id=\"888c2d1\" data-element_type=\"widget\" data-widget_type=\"menu-anchor.default\">\n\t\t\t\t<div class=\"elementor-widget-container\">\n\t\t\t\t\t\t\t<div class=\"elementor-menu-anchor\" id=\"contact-form-ancora\"><\/div>\n\t\t\t\t\t\t<\/div>\n\t\t\t\t<\/div>\n\t\t\t\t<div class=\"elementor-element elementor-element-50e4560 elementor-arrows-position-inside elementor-pagination-position-outside elementor-widget elementor-widget-image-carousel\" data-id=\"50e4560\" data-element_type=\"widget\" data-settings=\"{&quot;slides_to_show&quot;:&quot;4&quot;,&quot;navigation&quot;:&quot;both&quot;,&quot;autoplay&quot;:&quot;yes&quot;,&quot;pause_on_hover&quot;:&quot;yes&quot;,&quot;pause_on_interaction&quot;:&quot;yes&quot;,&quot;autoplay_speed&quot;:5000,&quot;infinite&quot;:&quot;yes&quot;,&quot;speed&quot;:500}\" data-widget_type=\"image-carousel.default\">\n\t\t\t\t<div class=\"elementor-widget-container\">\n\t\t\t\t\t\t\t<div class=\"elementor-image-carousel-wrapper swiper\" role=\"region\" aria-roledescription=\"carousel\" aria-label=\"Carosello d&#039;immagini\" dir=\"ltr\">\n\t\t\t<div class=\"elementor-image-carousel swiper-wrapper\" aria-live=\"off\">\n\t\t\t\t\t\t\t\t<div class=\"swiper-slide\" role=\"group\" aria-roledescription=\"slide\" aria-label=\"1 sur 5\"><a data-elementor-open-lightbox=\"yes\" data-elementor-lightbox-slideshow=\"50e4560\" data-e-action-hash=\"#elementor-action%3Aaction%3Dlightbox%26settings%3DeyJpZCI6Njc1MywidXJsIjoiaHR0cHM6XC9cL3d3dy5jYW1waW5ndG9ycmVwZW5kZW50ZS5pdFwvd3AtY29udGVudFwvdXBsb2Fkc1wvMjAyNlwvMDJcL044NC1QUkVOT1RBLUxBLVRVQS1QSUFaWk9MQS1jYW1wZXJfMTAuanBnIiwic2xpZGVzaG93IjoiNTBlNDU2MCJ9\" href=\"https:\/\/www.campingtorrependente.it\/wp-content\/uploads\/2026\/02\/N84-PRENOTA-LA-TUA-PIAZZOLA-camper_10.jpg\"><figure class=\"swiper-slide-inner\"><img decoding=\"async\" class=\"swiper-slide-image\" src=\"https:\/\/www.campingtorrependente.it\/wp-content\/uploads\/2026\/02\/N84-PRENOTA-LA-TUA-PIAZZOLA-camper_10-394x394.jpg\" alt=\"N84 PRENOTA LA TUA PIAZZOLA - camper_10\" \/><\/figure><\/a><\/div><div class=\"swiper-slide\" role=\"group\" aria-roledescription=\"slide\" aria-label=\"2 sur 5\"><a data-elementor-open-lightbox=\"yes\" data-elementor-lightbox-slideshow=\"50e4560\" data-e-action-hash=\"#elementor-action%3Aaction%3Dlightbox%26settings%3DeyJpZCI6Njc1NywidXJsIjoiaHR0cHM6XC9cL3d3dy5jYW1waW5ndG9ycmVwZW5kZW50ZS5pdFwvd3AtY29udGVudFwvdXBsb2Fkc1wvMjAyNlwvMDJcL044NS1QUkVOT1RBLUxBLVRVQS1QSUFaWk9MQS1DQU1QRUdHSU9fMTIuanBnIiwic2xpZGVzaG93IjoiNTBlNDU2MCJ9\" href=\"https:\/\/www.campingtorrependente.it\/wp-content\/uploads\/2026\/02\/N85-PRENOTA-LA-TUA-PIAZZOLA-CAMPEGGIO_12.jpg\"><figure class=\"swiper-slide-inner\"><img decoding=\"async\" class=\"swiper-slide-image\" src=\"https:\/\/www.campingtorrependente.it\/wp-content\/uploads\/2026\/02\/N85-PRENOTA-LA-TUA-PIAZZOLA-CAMPEGGIO_12-394x394.jpg\" alt=\"N85 PRENOTA LA TUA PIAZZOLA -CAMPEGGIO_12\" \/><\/figure><\/a><\/div><div class=\"swiper-slide\" role=\"group\" aria-roledescription=\"slide\" aria-label=\"3 sur 5\"><a data-elementor-open-lightbox=\"yes\" data-elementor-lightbox-slideshow=\"50e4560\" data-e-action-hash=\"#elementor-action%3Aaction%3Dlightbox%26settings%3DeyJpZCI6Njc2MSwidXJsIjoiaHR0cHM6XC9cL3d3dy5jYW1waW5ndG9ycmVwZW5kZW50ZS5pdFwvd3AtY29udGVudFwvdXBsb2Fkc1wvMjAyNlwvMDJcL044Ni1QUkVOT1RBLUxBLVRVQS1QSUFaWk9MQS1DQU1QRUdHSU9fMTQuanBnIiwic2xpZGVzaG93IjoiNTBlNDU2MCJ9\" href=\"https:\/\/www.campingtorrependente.it\/wp-content\/uploads\/2026\/02\/N86-PRENOTA-LA-TUA-PIAZZOLA-CAMPEGGIO_14.jpg\"><figure class=\"swiper-slide-inner\"><img decoding=\"async\" class=\"swiper-slide-image\" src=\"https:\/\/www.campingtorrependente.it\/wp-content\/uploads\/2026\/02\/N86-PRENOTA-LA-TUA-PIAZZOLA-CAMPEGGIO_14-394x394.jpg\" alt=\"N86 PRENOTA LA TUA PIAZZOLA -CAMPEGGIO_14\" \/><\/figure><\/a><\/div><div class=\"swiper-slide\" role=\"group\" aria-roledescription=\"slide\" aria-label=\"4 sur 5\"><a data-elementor-open-lightbox=\"yes\" data-elementor-lightbox-slideshow=\"50e4560\" data-e-action-hash=\"#elementor-action%3Aaction%3Dlightbox%26settings%3DeyJpZCI6Njc2NiwidXJsIjoiaHR0cHM6XC9cL3d3dy5jYW1waW5ndG9ycmVwZW5kZW50ZS5pdFwvd3AtY29udGVudFwvdXBsb2Fkc1wvMjAyNlwvMDJcL044Mi1QUkVOT1RBLUxBLVRVQS1QSUFaWk9MQS1yb3Vsb3R0ZV80LmpwZyIsInNsaWRlc2hvdyI6IjUwZTQ1NjAifQ%3D%3D\" href=\"https:\/\/www.campingtorrependente.it\/wp-content\/uploads\/2026\/02\/N82-PRENOTA-LA-TUA-PIAZZOLA-roulotte_4.jpg\"><figure class=\"swiper-slide-inner\"><img decoding=\"async\" class=\"swiper-slide-image\" src=\"https:\/\/www.campingtorrependente.it\/wp-content\/uploads\/2026\/02\/N82-PRENOTA-LA-TUA-PIAZZOLA-roulotte_4-394x394.jpg\" alt=\"N82 PRENOTA LA TUA PIAZZOLA - roulotte_4\" \/><\/figure><\/a><\/div><div class=\"swiper-slide\" role=\"group\" aria-roledescription=\"slide\" aria-label=\"5 sur 5\"><a data-elementor-open-lightbox=\"yes\" data-elementor-lightbox-slideshow=\"50e4560\" data-e-action-hash=\"#elementor-action%3Aaction%3Dlightbox%26settings%3DeyJpZCI6Njc3MCwidXJsIjoiaHR0cHM6XC9cL3d3dy5jYW1waW5ndG9ycmVwZW5kZW50ZS5pdFwvd3AtY29udGVudFwvdXBsb2Fkc1wvMjAyNlwvMDJcL044My1QUkVOT1RBLUxBLVRVQS1QSUFaWk9MQS1UZW5kYV8xMy5qcGciLCJzbGlkZXNob3ciOiI1MGU0NTYwIn0%3D\" href=\"https:\/\/www.campingtorrependente.it\/wp-content\/uploads\/2026\/02\/N83-PRENOTA-LA-TUA-PIAZZOLA-Tenda_13.jpg\"><figure class=\"swiper-slide-inner\"><img decoding=\"async\" class=\"swiper-slide-image\" src=\"https:\/\/www.campingtorrependente.it\/wp-content\/uploads\/2026\/02\/N83-PRENOTA-LA-TUA-PIAZZOLA-Tenda_13-394x394.jpg\" alt=\"N83 PRENOTA LA TUA PIAZZOLA - Tenda_13\" \/><\/figure><\/a><\/div>\t\t\t<\/div>\n\t\t\t\t\t\t\t\t\t\t\t\t<div class=\"elementor-swiper-button elementor-swiper-button-prev\" role=\"button\" tabindex=\"0\">\n\t\t\t\t\t\t<i aria-hidden=\"true\" class=\"eicon-chevron-left\"><\/i>\t\t\t\t\t<\/div>\n\t\t\t\t\t<div class=\"elementor-swiper-button elementor-swiper-button-next\" role=\"button\" tabindex=\"0\">\n\t\t\t\t\t\t<i aria-hidden=\"true\" class=\"eicon-chevron-right\"><\/i>\t\t\t\t\t<\/div>\n\t\t\t\t\n\t\t\t\t\t\t\t\t\t<div class=\"swiper-pagination\"><\/div>\n\t\t\t\t\t\t\t\t\t<\/div>\n\t\t\t\t\t\t<\/div>\n\t\t\t\t<\/div>\n\t\t\t\t\t<\/div>\n\t\t<\/div>\n\t\t\t\t\t<\/div>\n\t\t<\/section>\n\t\t\t\t<section class=\"elementor-section elementor-top-section elementor-element elementor-element-08d8c97 elementor-section-boxed elementor-section-height-default elementor-section-height-default\" data-id=\"08d8c97\" data-element_type=\"section\" data-settings=\"{&quot;background_background&quot;:&quot;classic&quot;}\">\n\t\t\t\t\t\t<div class=\"elementor-container elementor-column-gap-default\">\n\t\t\t\t\t<div class=\"elementor-column elementor-col-100 elementor-top-column elementor-element elementor-element-4fbd411\" data-id=\"4fbd411\" data-element_type=\"column\">\n\t\t\t<div class=\"elementor-widget-wrap elementor-element-populated\">\n\t\t\t\t\t\t<div class=\"elementor-element elementor-element-18e91ab elementor-view-default elementor-position-top elementor-widget elementor-widget-themo-header\" data-id=\"18e91ab\" data-element_type=\"widget\" data-widget_type=\"themo-header.default\">\n\t\t\t\t<div class=\"elementor-widget-container\">\n\t\t\t\t\t\t\t<div class=\"th-header-wrap\">\n        <div class=\"elementor-icon-box-wrapper \">\n                            <div class=\"elementor-icon-box-content\">\n                    <h2 class=\"elementor-icon-box-title\">\n                        SERVICES                    <\/h2>\n                                            <span class=\"th-header-divider\"><\/span>\n                                        <p class=\"elementor-icon-box-description\">Discover all our services for a carefree stay<\/p>\n\n                                    <\/div>\n            <\/div>\n\n        <\/div>\n\n\t\t\t\t\t\t<\/div>\n\t\t\t\t<\/div>\n\t\t\t\t<div class=\"elementor-element elementor-element-ed302b4 elementor-widget elementor-widget-text-editor\" data-id=\"ed302b4\" data-element_type=\"widget\" data-widget_type=\"text-editor.default\">\n\t\t\t\t<div class=\"elementor-widget-container\">\n\t\t\t\t\t\t\t\t\t<p><strong>D\u00e9couvrez tous nos services pour un s\u00e9jour sans souci:<\/strong><\/p><ul><li style=\"font-weight: 400;\" aria-level=\"1\"><span style=\"font-weight: 400;\">Emplacements de 50\u201360 m\u00b2 pour tentes, camping-cars et caravanes<\/span><\/li><li style=\"font-weight: 400;\" aria-level=\"1\"><span style=\"font-weight: 400;\">Branchement \u00e9lectrique sur chaque emplacement<\/span><\/li><li style=\"font-weight: 400;\" aria-level=\"1\"><span style=\"font-weight: 400;\">Point d\u2019eau potable \u00e0 proximit\u00e9<\/span><\/li><li style=\"font-weight: 400;\" aria-level=\"1\"><span style=\"font-weight: 400;\">Aire de service pour camping-cars (eau, vidange)<\/span><\/li><li style=\"font-weight: 400;\" aria-level=\"1\"><span style=\"font-weight: 400;\">Blocs sanitaires modernes et propres<\/span><\/li><li style=\"font-weight: 400;\" aria-level=\"1\"><span style=\"font-weight: 400;\">Douches chaudes gratuites (sans jetons)<\/span><\/li><li style=\"font-weight: 400;\" aria-level=\"1\"><span style=\"font-weight: 400;\">\u00c9viers et bacs pour la vaisselle<\/span><\/li><li style=\"font-weight: 400;\" aria-level=\"1\"><span style=\"font-weight: 400;\">Possibilit\u00e9 de louer des salles de bain priv\u00e9es<\/span><\/li><li style=\"font-weight: 400;\" aria-level=\"1\"><span style=\"font-weight: 400;\">Cuisine partag\u00e9e avec cuisini\u00e8res et r\u00e9frig\u00e9rateur<\/span><\/li><li style=\"font-weight: 400;\" aria-level=\"1\"><span style=\"font-weight: 400;\">Barbecues en briques pour grillades en plein air<\/span><\/li><li style=\"font-weight: 400;\" aria-level=\"1\"><span style=\"font-weight: 400;\">\u00c9clairage nocturne pour les emplacements<\/span><\/li><li style=\"font-weight: 400;\" aria-level=\"1\"><span style=\"font-weight: 400;\">Service de blanchisserie avec lave-linge et s\u00e8che-linge \u00e0 pi\u00e8ces<\/span><\/li><\/ul>\t\t\t\t\t\t\t\t<\/div>\n\t\t\t\t<\/div>\n\t\t\t\t\t<\/div>\n\t\t<\/div>\n\t\t\t\t\t<\/div>\n\t\t<\/section>\n\t\t\t\t<section class=\"elementor-section elementor-top-section elementor-element elementor-element-5573db9 elementor-section-boxed elementor-section-height-default elementor-section-height-default\" data-id=\"5573db9\" data-element_type=\"section\">\n\t\t\t\t\t\t<div class=\"elementor-container elementor-column-gap-default\">\n\t\t\t\t\t<div class=\"elementor-column elementor-col-100 elementor-top-column elementor-element elementor-element-bd5df3f\" data-id=\"bd5df3f\" data-element_type=\"column\">\n\t\t\t<div class=\"elementor-widget-wrap\">\n\t\t\t\t\t\t\t<\/div>\n\t\t<\/div>\n\t\t\t\t\t<\/div>\n\t\t<\/section>\n\t\t\t\t<\/div>\n\t\t","protected":false},"excerpt":{"rendered":"<p>CAMPING Emplacements pour camping-cars, caravanes et tentes : de vraies vacances en plein air Si pour vous la libert\u00e9 sent la nature et r\u00e9sonne comme le vent dans les arbres, nos emplacements de 50 \u00e0 60 m\u00b2 sont votre maison &hellip; <a href=\"https:\/\/www.campingtorrependente.it\/fr\/camping\">Read More<\/a><\/p>\n","protected":false},"author":1,"featured_media":0,"parent":0,"menu_order":0,"comment_status":"closed","ping_status":"closed","template":"templates\/blog-masonry-wide.php","meta":{"footnotes":""},"class_list":["post-3793","page","type-page","status-publish","hentry"],"yoast_head":"<!-- This site is optimized with the Yoast SEO plugin v28.2 - https:\/\/yoast.com\/product\/yoast-seo-wordpress\/ -->\n<title>Camping<\/title>\n<meta name=\"robots\" content=\"index, follow, max-snippet:-1, max-image-preview:large, max-video-preview:-1\" \/>\n<link rel=\"canonical\" href=\"https:\/\/www.campingtorrependente.it\/campeggio\" \/>\n<meta property=\"og:locale\" content=\"fr_FR\" \/>\n<meta property=\"og:type\" content=\"article\" \/>\n<meta property=\"og:title\" content=\"Camping\" \/>\n<meta property=\"og:description\" content=\"CAMPING Emplacements pour camping-cars, caravanes et tentes : de vraies vacances en plein air Si pour vous la libert\u00e9 sent la nature et r\u00e9sonne comme le vent dans les arbres, nos emplacements de 50 \u00e0 60 m\u00b2 sont votre maison &hellip; Read More\" \/>\n<meta property=\"og:url\" content=\"https:\/\/www.campingtorrependente.it\/campeggio\" \/>\n<meta property=\"og:site_name\" content=\"Torre Pendente\" \/>\n<meta property=\"article:modified_time\" content=\"2026-02-06T17:29:20+00:00\" \/>\n<meta property=\"og:image\" content=\"https:\/\/www.campingtorrependente.it\/wp-content\/uploads\/2026\/02\/N84-PRENOTA-LA-TUA-PIAZZOLA-camper_10-394x394.jpg\" \/>\n<meta name=\"twitter:card\" content=\"summary_large_image\" \/>\n<meta name=\"twitter:label1\" content=\"Dur\u00e9e de lecture estim\u00e9e\" \/>\n\t<meta name=\"twitter:data1\" content=\"4 minutes\" \/>\n<script type=\"application\/ld+json\" class=\"yoast-schema-graph\">{\"@context\":\"https:\\\/\\\/schema.org\",\"@graph\":[{\"@type\":\"WebPage\",\"@id\":\"https:\\\/\\\/www.campingtorrependente.it\\\/campeggio\",\"url\":\"https:\\\/\\\/www.campingtorrependente.it\\\/campeggio\",\"name\":\"Camping\",\"isPartOf\":{\"@id\":\"https:\\\/\\\/www.campingtorrependente.it\\\/#website\"},\"primaryImageOfPage\":{\"@id\":\"https:\\\/\\\/www.campingtorrependente.it\\\/campeggio#primaryimage\"},\"image\":{\"@id\":\"https:\\\/\\\/www.campingtorrependente.it\\\/campeggio#primaryimage\"},\"thumbnailUrl\":\"https:\\\/\\\/www.campingtorrependente.it\\\/wp-content\\\/uploads\\\/2026\\\/02\\\/N84-PRENOTA-LA-TUA-PIAZZOLA-camper_10-394x394.jpg\",\"datePublished\":\"2021-03-02T14:11:45+00:00\",\"dateModified\":\"2026-02-06T17:29:20+00:00\",\"breadcrumb\":{\"@id\":\"https:\\\/\\\/www.campingtorrependente.it\\\/campeggio#breadcrumb\"},\"inLanguage\":\"fr-FR\",\"potentialAction\":[{\"@type\":\"ReadAction\",\"target\":[\"https:\\\/\\\/www.campingtorrependente.it\\\/campeggio\"]}]},{\"@type\":\"ImageObject\",\"inLanguage\":\"fr-FR\",\"@id\":\"https:\\\/\\\/www.campingtorrependente.it\\\/campeggio#primaryimage\",\"url\":\"https:\\\/\\\/www.campingtorrependente.it\\\/wp-content\\\/uploads\\\/2026\\\/02\\\/N84-PRENOTA-LA-TUA-PIAZZOLA-camper_10-394x394.jpg\",\"contentUrl\":\"https:\\\/\\\/www.campingtorrependente.it\\\/wp-content\\\/uploads\\\/2026\\\/02\\\/N84-PRENOTA-LA-TUA-PIAZZOLA-camper_10-394x394.jpg\"},{\"@type\":\"BreadcrumbList\",\"@id\":\"https:\\\/\\\/www.campingtorrependente.it\\\/campeggio#breadcrumb\",\"itemListElement\":[{\"@type\":\"ListItem\",\"position\":1,\"name\":\"Home\",\"item\":\"https:\\\/\\\/www.campingtorrependente.it\\\/\"},{\"@type\":\"ListItem\",\"position\":2,\"name\":\"Camping\"}]},{\"@type\":\"WebSite\",\"@id\":\"https:\\\/\\\/www.campingtorrependente.it\\\/#website\",\"url\":\"https:\\\/\\\/www.campingtorrependente.it\\\/\",\"name\":\"Torre Pendente\",\"description\":\"Camping Village a Pisa\",\"publisher\":{\"@id\":\"https:\\\/\\\/www.campingtorrependente.it\\\/#organization\"},\"potentialAction\":[{\"@type\":\"SearchAction\",\"target\":{\"@type\":\"EntryPoint\",\"urlTemplate\":\"https:\\\/\\\/www.campingtorrependente.it\\\/?s={search_term_string}\"},\"query-input\":{\"@type\":\"PropertyValueSpecification\",\"valueRequired\":true,\"valueName\":\"search_term_string\"}}],\"inLanguage\":\"fr-FR\"},{\"@type\":\"Organization\",\"@id\":\"https:\\\/\\\/www.campingtorrependente.it\\\/#organization\",\"name\":\"Agriturismo Rustico del Conero\",\"url\":\"https:\\\/\\\/www.campingtorrependente.it\\\/\",\"logo\":{\"@type\":\"ImageObject\",\"inLanguage\":\"fr-FR\",\"@id\":\"https:\\\/\\\/www.campingtorrependente.it\\\/#\\\/schema\\\/logo\\\/image\\\/\",\"url\":\"\",\"contentUrl\":\"\",\"caption\":\"Agriturismo Rustico del Conero\"},\"image\":{\"@id\":\"https:\\\/\\\/www.campingtorrependente.it\\\/#\\\/schema\\\/logo\\\/image\\\/\"}}]}<\/script>\n<!-- \/ Yoast SEO plugin. -->","yoast_head_json":{"title":"Camping","robots":{"index":"index","follow":"follow","max-snippet":"max-snippet:-1","max-image-preview":"max-image-preview:large","max-video-preview":"max-video-preview:-1"},"canonical":"https:\/\/www.campingtorrependente.it\/campeggio","og_locale":"fr_FR","og_type":"article","og_title":"Camping","og_description":"CAMPING Emplacements pour camping-cars, caravanes et tentes : de vraies vacances en plein air Si pour vous la libert\u00e9 sent la nature et r\u00e9sonne comme le vent dans les arbres, nos emplacements de 50 \u00e0 60 m\u00b2 sont votre maison &hellip; Read More","og_url":"https:\/\/www.campingtorrependente.it\/campeggio","og_site_name":"Torre Pendente","article_modified_time":"2026-02-06T17:29:20+00:00","og_image":[{"url":"https:\/\/www.campingtorrependente.it\/wp-content\/uploads\/2026\/02\/N84-PRENOTA-LA-TUA-PIAZZOLA-camper_10-394x394.jpg","type":"","width":"","height":""}],"twitter_card":"summary_large_image","twitter_misc":{"Dur\u00e9e de lecture estim\u00e9e":"4 minutes"},"schema":{"@context":"https:\/\/schema.org","@graph":[{"@type":"WebPage","@id":"https:\/\/www.campingtorrependente.it\/campeggio","url":"https:\/\/www.campingtorrependente.it\/campeggio","name":"Camping","isPartOf":{"@id":"https:\/\/www.campingtorrependente.it\/#website"},"primaryImageOfPage":{"@id":"https:\/\/www.campingtorrependente.it\/campeggio#primaryimage"},"image":{"@id":"https:\/\/www.campingtorrependente.it\/campeggio#primaryimage"},"thumbnailUrl":"https:\/\/www.campingtorrependente.it\/wp-content\/uploads\/2026\/02\/N84-PRENOTA-LA-TUA-PIAZZOLA-camper_10-394x394.jpg","datePublished":"2021-03-02T14:11:45+00:00","dateModified":"2026-02-06T17:29:20+00:00","breadcrumb":{"@id":"https:\/\/www.campingtorrependente.it\/campeggio#breadcrumb"},"inLanguage":"fr-FR","potentialAction":[{"@type":"ReadAction","target":["https:\/\/www.campingtorrependente.it\/campeggio"]}]},{"@type":"ImageObject","inLanguage":"fr-FR","@id":"https:\/\/www.campingtorrependente.it\/campeggio#primaryimage","url":"https:\/\/www.campingtorrependente.it\/wp-content\/uploads\/2026\/02\/N84-PRENOTA-LA-TUA-PIAZZOLA-camper_10-394x394.jpg","contentUrl":"https:\/\/www.campingtorrependente.it\/wp-content\/uploads\/2026\/02\/N84-PRENOTA-LA-TUA-PIAZZOLA-camper_10-394x394.jpg"},{"@type":"BreadcrumbList","@id":"https:\/\/www.campingtorrependente.it\/campeggio#breadcrumb","itemListElement":[{"@type":"ListItem","position":1,"name":"Home","item":"https:\/\/www.campingtorrependente.it\/"},{"@type":"ListItem","position":2,"name":"Camping"}]},{"@type":"WebSite","@id":"https:\/\/www.campingtorrependente.it\/#website","url":"https:\/\/www.campingtorrependente.it\/","name":"Torre Pendente","description":"Camping Village a Pisa","publisher":{"@id":"https:\/\/www.campingtorrependente.it\/#organization"},"potentialAction":[{"@type":"SearchAction","target":{"@type":"EntryPoint","urlTemplate":"https:\/\/www.campingtorrependente.it\/?s={search_term_string}"},"query-input":{"@type":"PropertyValueSpecification","valueRequired":true,"valueName":"search_term_string"}}],"inLanguage":"fr-FR"},{"@type":"Organization","@id":"https:\/\/www.campingtorrependente.it\/#organization","name":"Agriturismo Rustico del Conero","url":"https:\/\/www.campingtorrependente.it\/","logo":{"@type":"ImageObject","inLanguage":"fr-FR","@id":"https:\/\/www.campingtorrependente.it\/#\/schema\/logo\/image\/","url":"","contentUrl":"","caption":"Agriturismo Rustico del Conero"},"image":{"@id":"https:\/\/www.campingtorrependente.it\/#\/schema\/logo\/image\/"}}]}},"_links":{"self":[{"href":"https:\/\/www.campingtorrependente.it\/fr\/wp-json\/wp\/v2\/pages\/3793","targetHints":{"allow":["GET"]}}],"collection":[{"href":"https:\/\/www.campingtorrependente.it\/fr\/wp-json\/wp\/v2\/pages"}],"about":[{"href":"https:\/\/www.campingtorrependente.it\/fr\/wp-json\/wp\/v2\/types\/page"}],"author":[{"embeddable":true,"href":"https:\/\/www.campingtorrependente.it\/fr\/wp-json\/wp\/v2\/users\/1"}],"replies":[{"embeddable":true,"href":"https:\/\/www.campingtorrependente.it\/fr\/wp-json\/wp\/v2\/comments?post=3793"}],"version-history":[{"count":37,"href":"https:\/\/www.campingtorrependente.it\/fr\/wp-json\/wp\/v2\/pages\/3793\/revisions"}],"predecessor-version":[{"id":6781,"href":"https:\/\/www.campingtorrependente.it\/fr\/wp-json\/wp\/v2\/pages\/3793\/revisions\/6781"}],"wp:attachment":[{"href":"https:\/\/www.campingtorrependente.it\/fr\/wp-json\/wp\/v2\/media?parent=3793"}],"curies":[{"name":"wp","href":"https:\/\/api.w.org\/{rel}","templated":true}]}}